{"id":4012,"date":"2019-11-19T18:16:13","date_gmt":"2019-11-19T17:16:13","guid":{"rendered":"https:\/\/labellenails.at\/b2b\/?page_id=4012"},"modified":"2019-11-25T15:05:32","modified_gmt":"2019-11-25T14:05:32","slug":"acryl","status":"publish","type":"page","link":"https:\/\/labellenails.at\/b2b\/acryl\/","title":{"rendered":"Acryl"},"content":{"rendered":"\n\n  <div class=\"banner has-hover\" id=\"banner-358721910\">\n          <div class=\"banner-inner fill\">\n        <div class=\"banner-bg fill\" >\n            <div class=\"bg fill bg-fill \"><\/div>\n                                    \n                    <\/div>\n\t\t\n        <div class=\"banner-layers container\">\n            <div class=\"fill banner-link\"><\/div>            \n\n   <div id=\"text-box-1089100516\" class=\"text-box banner-layer x5 md-x50 lg-x50 y5 md-y10 lg-y25 res-text\">\n                                <div class=\"text-box-content text dark\">\n              \n              <div class=\"text-inner text-center\">\n                  \n\n<h1 class=\"uppercase\"><strong>ACRYL<\/strong><\/h1>\n<h3>PINSEL | PULVER | MONOMER<\/h3>\n<p><span style=\"font-size: 150%;\">Hochwertige Acryl Pulver f\u00fcr <br \/>Anf\u00e4nger &amp; versierte Anwender. <\/span><\/p>\n\n              <\/div>\n           <\/div>\n                            \n<style>\n#text-box-1089100516 {\n  width: 90%;\n}\n#text-box-1089100516 .text-box-content {\n  font-size: 70%;\n}\n@media (min-width:550px) {\n  #text-box-1089100516 {\n    width: 60%;\n  }\n  #text-box-1089100516 .text-box-content {\n    font-size: 100%;\n  }\n}\n<\/style>\n    <\/div>\n \n\n        <\/div>\n      <\/div>\n\n            \n<style>\n#banner-358721910 {\n  padding-top: 60%;\n  background-color: rgb(45, 45, 45);\n}\n#banner-358721910 .bg.bg-loaded {\n  background-image: url(https:\/\/labellenails.at\/b2b\/wp-content\/uploads\/sites\/2\/2019\/11\/Acryl-2-1920x1080.jpg);\n}\n#banner-358721910 .bg {\n  background-position: 81% 48%;\n}\n#banner-358721910 .ux-shape-divider--top svg {\n  height: 150px;\n  --divider-top-width: 100%;\n}\n#banner-358721910 .ux-shape-divider--bottom svg {\n  height: 150px;\n  --divider-width: 100%;\n}\n@media (min-width:550px) {\n  #banner-358721910 {\n    padding-top: 59%;\n  }\n}\n@media (min-width:850px) {\n  #banner-358721910 {\n    padding-top: 48%;\n  }\n}\n<\/style>\n  <\/div>\n\n\n<div class=\"row align-center\"  id=\"row-979331922\">\n\n\n\t<div id=\"col-1513001604\" class=\"col medium-10 small-12 large-12\"  >\n\t\t\t\t<div class=\"col-inner\"  >\n\t\t\t\n\t\t\t\n\n<p><span style=\"font-size: 130%;\">F\u00fcr <strong>Nageldesigner<\/strong>, die t\u00e4glich herausragende Ergebnisse abliefern, ist das Astonishing <strong>Pulver-Fl\u00fcssigkeitssystem<\/strong> die finale Wahl. Mit f\u00fcnf fein abgestimmten <strong>Make-Up Pulvern<\/strong>, einem rein wei\u00dfen Powder und dem <strong>Monomer<\/strong> mit gesch\u00fctzter Formel, ist das Acrylsystem die perfekte Basis f\u00fcr alle zuk\u00fcnftigen Designideen.<\/span><\/p>\n\n\t\t<\/div>\n\t\t\t\t\t<\/div>\n\n\t\n\n<\/div>\n\t<section class=\"section\" id=\"section_312427987\">\n\t\t<div class=\"bg section-bg fill bg-fill  bg-loaded\" >\n\n\t\t\t\n\t\t\t\n\t\t\t\n\n\t\t<\/div>\n\n\t\t\n\n\t\t<div class=\"section-content relative\">\n\t\t\t\n\n<div class=\"container section-title-container\" ><h2 class=\"section-title section-title-center\"><b><\/b><span class=\"section-title-main\" >Make-Up Acrylpulver mit System<\/span><b><\/b><\/h2><\/div>\n\n<div class=\"row\"  id=\"row-718253601\">\n\n\n\t<div id=\"col-121622622\" class=\"col medium-12 small-12 large-12\"  >\n\t\t\t\t<div class=\"col-inner\"  >\n\t\t\t\n\t\t\t\n\n<p>Es steckt mehr dahinter als Schlagworte wie Haltbarkeit, einfache Verarbeitung und Zuverl\u00e4ssigkeit. Mit wachsender Erfahrung verlangt das geschulte Auge im Nageldesign immer genauere Abstufungen der Farbt\u00f6ne, um die anspruchsvollen Ideen Realit\u00e4t werden zu lassen.<\/p>\n\n\t\t<\/div>\n\t\t\t\t\t<\/div>\n\n\t\n\n\t<div id=\"col-1923405022\" class=\"col medium-4 small-12 large-4\"  >\n\t\t\t\t<div class=\"col-inner\"  >\n\t\t\t\n\t\t\t\n\n\n\t\t<div class=\"icon-box featured-box icon-box-center text-center\"  >\n\t\t\t\t\t<div class=\"icon-box-img\" style=\"width: 160px\">\n\t\t\t\t<div class=\"icon\">\n\t\t\t\t\t<div class=\"icon-inner\" >\n\t\t\t\t\t\t<img loading=\"lazy\" decoding=\"async\" width=\"180\" height=\"180\" src=\"https:\/\/labellenails.at\/b2b\/wp-content\/uploads\/sites\/2\/2019\/11\/Acryl-Pulver-Clear-180x180.jpg\" class=\"attachment-medium size-medium\" alt=\"\" srcset=\"https:\/\/labellenails.at\/b2b\/wp-content\/uploads\/sites\/2\/2019\/11\/Acryl-Pulver-Clear-180x180.jpg 180w, https:\/\/labellenails.at\/b2b\/wp-content\/uploads\/sites\/2\/2019\/11\/Acryl-Pulver-Clear-180x180-150x150.jpg 150w\" sizes=\"(max-width: 180px) 100vw, 180px\" \/>\t\t\t\t\t<\/div>\n\t\t\t\t<\/div>\n\t\t\t<\/div>\n\t\t\t\t<div class=\"icon-box-text last-reset\">\n\t\t\t\t\t\t\t\t\t\n\n<h3>CLEAR<\/h3>\n<p>Vollst\u00e4ndig transparentes Acryl Pulver. Ideal f\u00fcr die Einarbeitung von Glitzerpartikeln und klaren Modellagen.<\/p>\n\n\t\t<\/div>\n\t<\/div>\n\t\n\t\n\n\t\t<\/div>\n\t\t\t\t\t<\/div>\n\n\t\n\n\t<div id=\"col-621828639\" class=\"col medium-4 small-12 large-4\"  >\n\t\t\t\t<div class=\"col-inner\"  >\n\t\t\t\n\t\t\t\n\n\n\t\t<div class=\"icon-box featured-box icon-box-center text-center\"  >\n\t\t\t\t\t<div class=\"icon-box-img\" style=\"width: 160px\">\n\t\t\t\t<div class=\"icon\">\n\t\t\t\t\t<div class=\"icon-inner\" >\n\t\t\t\t\t\t<img loading=\"lazy\" decoding=\"async\" width=\"180\" height=\"180\" src=\"https:\/\/labellenails.at\/b2b\/wp-content\/uploads\/sites\/2\/2019\/11\/Acrylpulver-Transparent-Pink-180x180.png\" class=\"attachment-medium size-medium\" alt=\"Acrylpulver Transparent Pink\" srcset=\"https:\/\/labellenails.at\/b2b\/wp-content\/uploads\/sites\/2\/2019\/11\/Acrylpulver-Transparent-Pink-180x180.png 180w, https:\/\/labellenails.at\/b2b\/wp-content\/uploads\/sites\/2\/2019\/11\/Acrylpulver-Transparent-Pink-180x180-150x150.png 150w\" sizes=\"(max-width: 180px) 100vw, 180px\" \/>\t\t\t\t\t<\/div>\n\t\t\t\t<\/div>\n\t\t\t<\/div>\n\t\t\t\t<div class=\"icon-box-text last-reset\">\n\t\t\t\t\t\t\t\t\t\n\n<h3>TRANSPARENT PINK<\/h3>\n<p>Minimal pigmentiertes Make-Up Pulver. F\u00fcr dezente, beinahe unsichtbare Naturnagelverst\u00e4rkungen. <\/p>\n\n\t\t<\/div>\n\t<\/div>\n\t\n\t\n\n\t\t<\/div>\n\t\t\t\t\t<\/div>\n\n\t\n\n\t<div id=\"col-526317570\" class=\"col medium-4 small-12 large-4\"  >\n\t\t\t\t<div class=\"col-inner\"  >\n\t\t\t\n\t\t\t\n\n\n\t\t<div class=\"icon-box featured-box icon-box-center text-center\"  >\n\t\t\t\t\t<div class=\"icon-box-img\" style=\"width: 160px\">\n\t\t\t\t<div class=\"icon\">\n\t\t\t\t\t<div class=\"icon-inner\" >\n\t\t\t\t\t\t<img loading=\"lazy\" decoding=\"async\" width=\"180\" height=\"180\" src=\"https:\/\/labellenails.at\/b2b\/wp-content\/uploads\/sites\/2\/2019\/11\/Acrylpulver-Soft-Cover-Blend-180x180.png\" class=\"attachment-medium size-medium\" alt=\"Acrylpulver Soft Cover Blend\" srcset=\"https:\/\/labellenails.at\/b2b\/wp-content\/uploads\/sites\/2\/2019\/11\/Acrylpulver-Soft-Cover-Blend-180x180.png 180w, https:\/\/labellenails.at\/b2b\/wp-content\/uploads\/sites\/2\/2019\/11\/Acrylpulver-Soft-Cover-Blend-180x180-150x150.png 150w\" sizes=\"(max-width: 180px) 100vw, 180px\" \/>\t\t\t\t\t<\/div>\n\t\t\t\t<\/div>\n\t\t\t<\/div>\n\t\t\t\t<div class=\"icon-box-text last-reset\">\n\t\t\t\t\t\t\t\t\t\n\n<h3>SOFT COVER BLEND<\/h3>\n<p>Gut pigmentiertes Allround Pulver. Ideal f\u00fcr jede Art von Naturnagelverst\u00e4rkung, French und Babyboomer. <\/p>\n\n\t\t<\/div>\n\t<\/div>\n\t\n\t\n\n\t\t<\/div>\n\t\t\t\t\t<\/div>\n\n\t\n\n\t<div id=\"col-562207034\" class=\"col medium-4 small-12 large-4\"  >\n\t\t\t\t<div class=\"col-inner\"  >\n\t\t\t\n\t\t\t\n\n\n\t\t<div class=\"icon-box featured-box icon-box-center text-center\"  >\n\t\t\t\t\t<div class=\"icon-box-img\" style=\"width: 160px\">\n\t\t\t\t<div class=\"icon\">\n\t\t\t\t\t<div class=\"icon-inner\" >\n\t\t\t\t\t\t<img loading=\"lazy\" decoding=\"async\" width=\"180\" height=\"180\" src=\"https:\/\/labellenails.at\/b2b\/wp-content\/uploads\/sites\/2\/2019\/11\/Acryl-Pulver-New-Mix-180x180.png\" class=\"attachment-medium size-medium\" alt=\"Acryl Pulver New Mix\" srcset=\"https:\/\/labellenails.at\/b2b\/wp-content\/uploads\/sites\/2\/2019\/11\/Acryl-Pulver-New-Mix-180x180.png 180w, https:\/\/labellenails.at\/b2b\/wp-content\/uploads\/sites\/2\/2019\/11\/Acryl-Pulver-New-Mix-180x180-150x150.png 150w\" sizes=\"(max-width: 180px) 100vw, 180px\" \/>\t\t\t\t\t<\/div>\n\t\t\t\t<\/div>\n\t\t\t<\/div>\n\t\t\t\t<div class=\"icon-box-text last-reset\">\n\t\t\t\t\t\t\t\t\t\n\n<h3>NEW MIX<\/h3>\n<p>Stark pigmentiertes Powder. Die richtige Wahl f\u00fcr klassisches French Pink White und Babyboomer. <\/p>\n\n\t\t<\/div>\n\t<\/div>\n\t\n\t\n\n\t\t<\/div>\n\t\t\t\t\t<\/div>\n\n\t\n\n\t<div id=\"col-1369196382\" class=\"col medium-4 small-12 large-4\"  >\n\t\t\t\t<div class=\"col-inner\"  >\n\t\t\t\n\t\t\t\n\n\n\t\t<div class=\"icon-box featured-box icon-box-center text-center\"  >\n\t\t\t\t\t<div class=\"icon-box-img\" style=\"width: 160px\">\n\t\t\t\t<div class=\"icon\">\n\t\t\t\t\t<div class=\"icon-inner\" >\n\t\t\t\t\t\t<img loading=\"lazy\" decoding=\"async\" width=\"180\" height=\"180\" src=\"https:\/\/labellenails.at\/b2b\/wp-content\/uploads\/sites\/2\/2019\/11\/Acryl-Pulver-Cover-180x180.png\" class=\"attachment-medium size-medium\" alt=\"Acryl Pulver Cover\" srcset=\"https:\/\/labellenails.at\/b2b\/wp-content\/uploads\/sites\/2\/2019\/11\/Acryl-Pulver-Cover-180x180.png 180w, https:\/\/labellenails.at\/b2b\/wp-content\/uploads\/sites\/2\/2019\/11\/Acryl-Pulver-Cover-180x180-150x150.png 150w\" sizes=\"(max-width: 180px) 100vw, 180px\" \/>\t\t\t\t\t<\/div>\n\t\t\t\t<\/div>\n\t\t\t<\/div>\n\t\t\t\t<div class=\"icon-box-text last-reset\">\n\t\t\t\t\t\t\t\t\t\n\n<h3>COVER<\/h3>\n<p>Sehr stark pigmentiertes Make-Up Pulver zur vollst\u00e4ndigen Abdeckung des Nagelbettes. <\/p>\n\n\t\t<\/div>\n\t<\/div>\n\t\n\t\n\n\t\t<\/div>\n\t\t\t\t\t<\/div>\n\n\t\n\n\t<div id=\"col-1022044324\" class=\"col medium-4 small-12 large-4\"  >\n\t\t\t\t<div class=\"col-inner\"  >\n\t\t\t\n\t\t\t\n\n\n\t\t<div class=\"icon-box featured-box icon-box-center text-center\"  >\n\t\t\t\t\t<div class=\"icon-box-img\" style=\"width: 160px\">\n\t\t\t\t<div class=\"icon\">\n\t\t\t\t\t<div class=\"icon-inner\" >\n\t\t\t\t\t\t<img loading=\"lazy\" decoding=\"async\" width=\"180\" height=\"180\" src=\"https:\/\/labellenails.at\/b2b\/wp-content\/uploads\/sites\/2\/2019\/11\/Acryl-Pulver-Global-White-180x180.png\" class=\"attachment-medium size-medium\" alt=\"Acryl Pulver Global White\" srcset=\"https:\/\/labellenails.at\/b2b\/wp-content\/uploads\/sites\/2\/2019\/11\/Acryl-Pulver-Global-White-180x180.png 180w, https:\/\/labellenails.at\/b2b\/wp-content\/uploads\/sites\/2\/2019\/11\/Acryl-Pulver-Global-White-180x180-150x150.png 150w\" sizes=\"(max-width: 180px) 100vw, 180px\" \/>\t\t\t\t\t<\/div>\n\t\t\t\t<\/div>\n\t\t\t<\/div>\n\t\t\t\t<div class=\"icon-box-text last-reset\">\n\t\t\t\t\t\t\t\t\t\n\n<h3>GLOBAL WHITE<\/h3>\n<p>Du wirst kein anderes wei\u00dfes Pulver mehr wollen. Absolut reiner wei\u00dfer Farbton, dabei nicht zu grell und vollst\u00e4ndig ohne Gelbstich.&nbsp;<\/p>\n\n\t\t<\/div>\n\t<\/div>\n\t\n\t\n\n\t\t<\/div>\n\t\t\t\t\t<\/div>\n\n\t\n\n<\/div>\n\t<div id=\"gap-146492381\" class=\"gap-element clearfix\" style=\"display:block; height:auto;\">\n\t\t\n<style>\n#gap-146492381 {\n  padding-top: 70px;\n}\n<\/style>\n\t<\/div>\n\t\n\n<div class=\"row row-full-width align-center\"  id=\"row-883677706\">\n\n\n\t<div id=\"col-1806912167\" class=\"col medium-8 small-12 large-8\"  >\n\t\t\t\t<div class=\"col-inner\"  >\n\t\t\t\n\t\t\t\n\n<div class=\"container section-title-container\" ><h2 class=\"section-title section-title-center\"><b><\/b><span class=\"section-title-main\" >Acryl Pulver im Vergleich<\/span><b><\/b><\/h2><\/div>\n\n\n  <div class=\"banner has-hover\" id=\"banner-751981194\">\n          <div class=\"banner-inner fill\">\n        <div class=\"banner-bg fill\" >\n            <div class=\"bg fill bg-fill \"><\/div>\n                                    \n                    <\/div>\n\t\t\n        <div class=\"banner-layers container\">\n            <div class=\"fill banner-link\"><\/div>            \t<div class=\"hotspot-wrapper x20 md-x20 lg-x20 y75 md-y65 lg-y65 is-small dark\">\n\t\t<div data-animate=\"bounceIn\">\n\t\t\t\t\t\t\t\t<a href=\"https:\/\/labellenails.at\/b2b\/?post_type=product&#038;p=2607\" class=\"hotspot tooltip\" title=\"Acryl Pulver Global White\" style=\"background-color:rgb(255, 22, 84);\">\n\t\t\t\t\t\t<i class=\"icon-search\"><\/i>\n\t\t\t\t\t<\/a>\n\t\t\t\t\t\t\t\t\t<\/div>\n\t<\/div>\n\t\t<div class=\"hotspot-wrapper x15 md-x20 lg-x20 y15 md-y20 lg-y20 is-small dark\">\n\t\t<div data-animate=\"bounceIn\">\n\t\t\t\t\t\t\t\t<a href=\"https:\/\/labellenails.at\/b2b\/?post_type=product&#038;p=2623\" class=\"hotspot tooltip\" title=\"Acryl Pulver Soft Cover Blend\" style=\"background-color:rgb(255, 22, 84);\">\n\t\t\t\t\t\t<i class=\"icon-search\"><\/i>\n\t\t\t\t\t<\/a>\n\t\t\t\t\t\t\t\t\t<\/div>\n\t<\/div>\n\t\t<div class=\"hotspot-wrapper x55 md-x55 lg-x55 y25 md-y30 lg-y30 is-small dark\">\n\t\t<div data-animate=\"bounceIn\">\n\t\t\t\t\t\t\t\t<a href=\"https:\/\/labellenails.at\/b2b\/?post_type=product&#038;p=2615\" class=\"hotspot tooltip\" title=\"Acryl Pulver New Mix\" style=\"background-color:rgb(255, 22, 84);\">\n\t\t\t\t\t\t<i class=\"icon-search\"><\/i>\n\t\t\t\t\t<\/a>\n\t\t\t\t\t\t\t\t\t<\/div>\n\t<\/div>\n\t\t<div class=\"hotspot-wrapper x90 md-x85 lg-x85 y15 md-y20 lg-y20 is-small dark\">\n\t\t<div data-animate=\"bounceIn\">\n\t\t\t\t\t\t\t\t<a href=\"https:\/\/labellenails.at\/b2b\/?post_type=product&#038;p=2599\" class=\"hotspot tooltip\" title=\"Acryl Pulver Cover\" style=\"background-color:rgb(255, 22, 84);\">\n\t\t\t\t\t\t<i class=\"icon-search\"><\/i>\n\t\t\t\t\t<\/a>\n\t\t\t\t\t\t\t\t\t<\/div>\n\t<\/div>\n\t\n\n\n\n\n\n\n\n\n\n\n        <\/div>\n      <\/div>\n\n            \n<style>\n#banner-751981194 {\n  padding-top: 56.25%;\n  background-color: rgb(45, 45, 45);\n}\n#banner-751981194 .bg.bg-loaded {\n  background-image: url(https:\/\/labellenails.at\/b2b\/wp-content\/uploads\/sites\/2\/2019\/11\/Beispiele-Acryl-Pulver-Make-Up.jpg);\n}\n#banner-751981194 .bg {\n  background-position: 53% 44%;\n}\n#banner-751981194 .ux-shape-divider--top svg {\n  height: 150px;\n  --divider-top-width: 100%;\n}\n#banner-751981194 .ux-shape-divider--bottom svg {\n  height: 150px;\n  --divider-width: 100%;\n}\n<\/style>\n  <\/div>\n\n\n<p>Von links nach rechts die Acrylpulver Soft Cover Blend, New Mix und Cover als klassisches French Pink White gearbeitet. <\/p>\n\n\t\t<\/div>\n\t\t\t\t\t<\/div>\n\n\t\n\n<\/div>\n\n\t\t<\/div>\n\n\t\t\n<style>\n#section_312427987 {\n  padding-top: 30px;\n  padding-bottom: 30px;\n  background-color: rgb(45, 45, 45);\n}\n#section_312427987 .ux-shape-divider--top svg {\n  height: 150px;\n  --divider-top-width: 100%;\n}\n#section_312427987 .ux-shape-divider--bottom svg {\n  height: 150px;\n  --divider-width: 100%;\n}\n<\/style>\n\t<\/section>\n\t\n<div class=\"row\"  id=\"row-476788323\">\n\n\n\t<div id=\"col-1298310075\" class=\"col small-12 large-12\"  >\n\t\t\t\t<div class=\"col-inner\"  >\n\t\t\t\n\t\t\t\n\n<div class=\"container section-title-container\" ><h2 class=\"section-title section-title-center\"><b><\/b><span class=\"section-title-main\" >Fragen und Antworten<\/span><b><\/b><\/h2><\/div>\n\n<div class=\"accordion\">\n\n<div id=\"accordion-1231269039\" class=\"accordion-item\"><a id=\"accordion-1231269039-label\" href=\"#\" class=\"accordion-title plain\" aria-expanded=\"false\" aria-controls=\"accordion-1231269039-content\"><button class=\"toggle\" aria-label=\"Toggle\"><i class=\"icon-angle-down\"><\/i><\/button><span>Was sind Acryln\u00e4gel?<\/span><\/a><div id=\"accordion-1231269039-content\" class=\"accordion-inner\" aria-labelledby=\"accordion-1231269039-label\">\n\n<p>Ein 2-Komponentensystem, welches aus dem Monomer (umgangssprachlich \u201eLiquid\u201c genannt) und dem Pulver besteht.<\/p>\n<p>Aus der Verbindung von Monomer und Pulver ergibt sich eine modellierbare Substanz, die auf dem Naturnagel aufgetragen und modelliert wird. Mit Acryl k\u00f6nnen die N\u00e4gel d\u00fcnner als mit Gel gearbeitet werden, da der Kunststoff h\u00e4rter und widerstandsf\u00e4higer ist. Je nach K\u00f6nnen der Designerin wirken die N\u00e4gel letztendlich ganz nat\u00fcrlich und halten die t\u00e4gliche Belastung deutlich besser aus.<\/p>\n\n<\/div><\/div>\n<div id=\"accordion-2664299152\" class=\"accordion-item\"><a id=\"accordion-2664299152-label\" href=\"#\" class=\"accordion-title plain\" aria-expanded=\"false\" aria-controls=\"accordion-2664299152-content\"><button class=\"toggle\" aria-label=\"Toggle\"><i class=\"icon-angle-down\"><\/i><\/button><span>Ist Acryl oder Gel sch\u00e4dlicher?<\/span><\/a><div id=\"accordion-2664299152-content\" class=\"accordion-inner\" aria-labelledby=\"accordion-2664299152-label\">\n\n<p>Ob Acryl, Gel oder Gellack &#8211; alles ist geeignet, um den Nagel zu verst\u00e4rken und versch\u00f6nern. Dennoch ist weder das Eine, noch das Andere sch\u00e4dlicher f\u00fcr die Naturn\u00e4gel. Welches das optimale System f\u00fcr Dich und Deine Kunden ist, musst Du ausprobieren.&nbsp;<\/p>\n\n<\/div><\/div>\n<div id=\"accordion-889674507\" class=\"accordion-item\"><a id=\"accordion-889674507-label\" href=\"#\" class=\"accordion-title plain\" aria-expanded=\"false\" aria-controls=\"accordion-889674507-content\"><button class=\"toggle\" aria-label=\"Toggle\"><i class=\"icon-angle-down\"><\/i><\/button><span>Ist Shellac Acryl?<\/span><\/a><div id=\"accordion-889674507-content\" class=\"accordion-inner\" aria-labelledby=\"accordion-889674507-label\">\n\n<p>Nein. Shellac ist nur der Markenname eines Gel- bzw. UV-Lackes. Acryl ist ein Modellagesystem, bestehend aus Pulver und Liquid.&nbsp;<\/p>\n\n<\/div><\/div>\n<div id=\"accordion-2494464537\" class=\"accordion-item\"><a id=\"accordion-2494464537-label\" href=\"#\" class=\"accordion-title plain\" aria-expanded=\"false\" aria-controls=\"accordion-2494464537-content\"><button class=\"toggle\" aria-label=\"Toggle\"><i class=\"icon-angle-down\"><\/i><\/button><span>Warum hei\u00dft es Babyboomer?<\/span><\/a><div id=\"accordion-2494464537-content\" class=\"accordion-inner\" aria-labelledby=\"accordion-2494464537-label\">\n\n<p>Dieser Trend, aufgekommen im Jahr 2012, h\u00e4lt sich hartn\u00e4ckig und ist in vielen Studios der Renner. Aufgrund des Namens \u201eBabyboomer\u201c denkt man wohl irrt\u00fcmlich an den Babyboom, jedoch bezeichnet der Name etwas anderes.<\/p>\n<p>In den 50er Jahren war der nat\u00fcrliche Look in der Bev\u00f6lkerung sehr beliebt. Diese Nat\u00fcrlichkeit in der heutigen Zeit wieder aufgegriffen, m\u00fcndete in dem Versuch, diese Nat\u00fcrlichkeit als Design auf die N\u00e4gel zu bringen. Durch den sanft verlaufenden Effekt der wei\u00dfen Farbe zum Nagelbett und einer leichten Abdeckung mit einem Make Up Ton, ergibt sich ein sogenannter Ombre-Look, der sehr nat\u00fcrlich wirken soll und als Babyboomer seinen Namen gefunden hat.<\/p>\n\n<\/div><\/div>\n\n<\/div>\n\n\t\t<\/div>\n\t\t\t\t\t<\/div>\n\n\t\n\n<\/div>\n\n","protected":false},"excerpt":{"rendered":"","protected":false},"author":1,"featured_media":0,"parent":0,"menu_order":0,"comment_status":"closed","ping_status":"closed","template":"page-blank.php","meta":{"footnotes":""},"_links":{"self":[{"href":"https:\/\/labellenails.at\/b2b\/wp-json\/wp\/v2\/pages\/4012"}],"collection":[{"href":"https:\/\/labellenails.at\/b2b\/wp-json\/wp\/v2\/pages"}],"about":[{"href":"https:\/\/labellenails.at\/b2b\/wp-json\/wp\/v2\/types\/page"}],"author":[{"embeddable":true,"href":"https:\/\/labellenails.at\/b2b\/wp-json\/wp\/v2\/users\/1"}],"replies":[{"embeddable":true,"href":"https:\/\/labellenails.at\/b2b\/wp-json\/wp\/v2\/comments?post=4012"}],"version-history":[{"count":0,"href":"https:\/\/labellenails.at\/b2b\/wp-json\/wp\/v2\/pages\/4012\/revisions"}],"wp:attachment":[{"href":"https:\/\/labellenails.at\/b2b\/wp-json\/wp\/v2\/media?parent=4012"}],"curies":[{"name":"wp","href":"https:\/\/api.w.org\/{rel}","templated":true}]}}